{"id":13,"date":"2024-04-21T17:12:27","date_gmt":"2024-04-21T17:12:27","guid":{"rendered":"https:\/\/denisedonatsch.ch\/wordpress\/?page_id=13"},"modified":"2026-02-21T16:03:39","modified_gmt":"2026-02-21T16:03:39","slug":"ueber-mich","status":"publish","type":"page","link":"https:\/\/denisedonatsch.ch\/wordpress\/ueber-mich\/","title":{"rendered":"\u00dcber mich"},"content":{"rendered":"\n<h3 class=\"wp-block-heading\">Vita<\/h3>\n\n\n\n<p>27.03.1981, aufgewachsen und lange wohnhaft in Olten, seit 2025 wohnhaft in Trimbach<\/p>\n\n\n\n<figure class=\"wp-block-image size-large is-resized\"><img alt=\"\" loading=\"lazy\" decoding=\"async\" width=\"1024\" height=\"1024\" src=\"https:\/\/denisedonatsch.ch\/wordpress\/wp-content\/uploads\/2026\/01\/Denise-1024x1024.jpeg\" alt=\"\" class=\"wp-image-767\" style=\"width:417px;height:auto\" srcset=\"https:\/\/denisedonatsch.ch\/wordpress\/wp-content\/uploads\/2026\/01\/Denise-1024x1024.jpeg 1024w, https:\/\/denisedonatsch.ch\/wordpress\/wp-content\/uploads\/2026\/01\/Denise-300x300.jpeg 300w, https:\/\/denisedonatsch.ch\/wordpress\/wp-content\/uploads\/2026\/01\/Denise-150x150.jpeg 150w, https:\/\/denisedonatsch.ch\/wordpress\/wp-content\/uploads\/2026\/01\/Denise-768x768.jpeg 768w, https:\/\/denisedonatsch.ch\/wordpress\/wp-content\/uploads\/2026\/01\/Denise.jpeg 1500w\" sizes=\"auto, (max-width: 1024px) 100vw, 1024px\" \/><\/figure>\n\n\n\n<div style=\"height:48px\" aria-hidden=\"true\" class=\"wp-block-spacer\"><\/div>\n\n\n\n<div class=\"wp-block-columns is-layout-flex wp-container-core-columns-is-layout-9d6595d7 wp-block-columns-is-layout-flex\">\n<div class=\"wp-block-column is-layout-flow wp-block-column-is-layout-flow\">\n<div class=\"wp-block-group is-vertical is-layout-flex wp-container-core-group-is-layout-8cf370e7 wp-block-group-is-layout-flex\">\n<h3 class=\"wp-block-heading\">Das bin ich<\/h3>\n\n\n\n<ul class=\"wp-block-list\">\n<li><a href=\"https:\/\/denisedonatsch.ch\/wordpress\/buehne\/\" data-type=\"page\" data-id=\"15\">Philosophische B\u00fchnen-Performerin<\/a><\/li>\n\n\n\n<li>K\u00fcnstlerische Vertretung an der F\u00eate des Vignerons 2019 f\u00fcr den Kanton Solothurn<\/li>\n\n\n\n<li>Weiterbildung (in Modulen) in den Bereichen Improvisation, Regie und Clownerie an der Theaterschule Yve St\u00f6cklin in Basel<\/li>\n\n\n\n<li>Seit 2003 in diversen <a href=\"https:\/\/denisedonatsch.ch\/wordpress\/buehne\/\" data-type=\"page\" data-id=\"15\">B\u00fchnenproduktionen<\/a> zu sehen, unter anderem im Jahr 2009 im St\u00fcck \u00abDie Preisverleihung\u00bb von und mit Patrick Frey und Joachim Rittmeyer im Casinotheater Winterthur<\/li>\n\n\n\n<li>Musicaldarstellerdiplom der Swiss Musical Academy, Bern: Juli 2008<\/li>\n<\/ul>\n<\/div>\n<\/div>\n\n\n\n<div class=\"wp-block-column is-layout-flow wp-block-column-is-layout-flow\">\n<div class=\"wp-block-group is-vertical is-layout-flex wp-container-core-group-is-layout-8cf370e7 wp-block-group-is-layout-flex\">\n<h3 class=\"wp-block-heading\">Das bin ich auch<\/h3>\n\n\n\n<ul class=\"wp-block-list\">\n<li><strong><a href=\"https:\/\/www.cogitoundkosmos.ch\">Cogito &amp; Kosmos<\/a>:<\/strong>&nbsp;Interdisziplin\u00e4re Seminare und Workshops zu Logik- und Argumentationstraining, Ethik in Physik und Technologie (in Zusammenarbeit mit Dr. Lukas Derendinger).<\/li>\n\n\n\n<li><strong>Berufungskommission Uni Luzern:&nbsp;<\/strong>Studentische Vertretung bei der Neubesetzung der Professur f\u00fcr theoretische Philosophie (2020\u20132022).<\/li>\n\n\n\n<li><strong>Logiktutorat:<\/strong>&nbsp;Vermittlung formaler Logik am Philosophischen Seminar der&nbsp;Universit\u00e4t Luzern.<\/li>\n\n\n\n<li><strong>Publizistik:<\/strong>&nbsp;Freie Autorin f\u00fcr Wissenschafts- und Tagesmedien (u.a.&nbsp;Wissenschaftsmagazin Cogito).<\/li>\n<\/ul>\n<\/div>\n<\/div>\n<\/div>\n\n\n\n<p><\/p>\n","protected":false},"excerpt":{"rendered":"<p>Vita 27.03.1981, aufgewachsen und lange wohnhaft in Olten, seit 2025 wohnhaft in Trimbach Das bin ich Das bin ich auch<\/p>\n","protected":false},"author":1,"featured_media":0,"parent":0,"menu_order":0,"comment_status":"closed","ping_status":"closed","template":"","meta":{"_seopress_robots_primary_cat":"","_seopress_titles_title":"","_seopress_titles_desc":"","_seopress_robots_index":"","footnotes":""},"class_list":["post-13","page","type-page","status-publish","hentry"],"_links":{"self":[{"href":"https:\/\/denisedonatsch.ch\/wordpress\/wp-json\/wp\/v2\/pages\/13","targetHints":{"allow":["GET"]}}],"collection":[{"href":"https:\/\/denisedonatsch.ch\/wordpress\/wp-json\/wp\/v2\/pages"}],"about":[{"href":"https:\/\/denisedonatsch.ch\/wordpress\/wp-json\/wp\/v2\/types\/page"}],"author":[{"embeddable":true,"href":"https:\/\/denisedonatsch.ch\/wordpress\/wp-json\/wp\/v2\/users\/1"}],"replies":[{"embeddable":true,"href":"https:\/\/denisedonatsch.ch\/wordpress\/wp-json\/wp\/v2\/comments?post=13"}],"version-history":[{"count":67,"href":"https:\/\/denisedonatsch.ch\/wordpress\/wp-json\/wp\/v2\/pages\/13\/revisions"}],"predecessor-version":[{"id":847,"href":"https:\/\/denisedonatsch.ch\/wordpress\/wp-json\/wp\/v2\/pages\/13\/revisions\/847"}],"wp:attachment":[{"href":"https:\/\/denisedonatsch.ch\/wordpress\/wp-json\/wp\/v2\/media?parent=13"}],"curies":[{"name":"wp","href":"https:\/\/api.w.org\/{rel}","templated":true}]}}